{"id":435,"date":"2018-09-16T23:38:33","date_gmt":"2018-09-16T23:38:33","guid":{"rendered":"http:\/\/aleksandarsimic.com\/bio-longer\/"},"modified":"2019-03-05T13:08:42","modified_gmt":"2019-03-05T13:08:42","slug":"cv-duzi","status":"publish","type":"page","link":"https:\/\/aleksandarsimic.com\/sr\/cv-duzi\/","title":{"rendered":"CV du\u017ei"},"content":{"rendered":"[vc_row ct_row_stretch=&#8220;&#8220; css=&#8220;.vc_custom_1551791094937{margin-top: 95px !important;}&#8220;][vc_column][vc_column_text]<img loading=\"lazy\" decoding=\"async\" class=\"malogore alignleft wp-image-854 size-medium\" src=\"https:\/\/aleksandarsimic.com\/wp-content\/uploads\/2018\/10\/02-237x300.jpg\" alt=\"\" width=\"237\" height=\"300\" srcset=\"https:\/\/aleksandarsimic.com\/wp-content\/uploads\/2018\/10\/02-237x300.jpg 237w, https:\/\/aleksandarsimic.com\/wp-content\/uploads\/2018\/10\/02.jpg 710w\" sizes=\"auto, (max-width: 237px) 100vw, 237px\" \/>Aleksandar Simi\u0107 je ro\u0111en 22. januara 1973. godine u Beogradu. Ve\u0107i deo mladosti proveo je na razli\u010ditim adresama od Singapura do isto\u010dne obale Sjedinjenih dr\u017eava. Kako su se menjale adrese na kojima je \u017eiveo, tako su se menjale i sfere njegovog interesovanja \u2013 od slikarstva do biologije, od knji\u017eevnosti do fizike. Ve\u0107 sa dve i po godine, po\u010deo je da \u010dita i pi\u0161e, a talenat za prirodne nauke demonstrirao je u najranijem dobu. Za muziku, me\u0111utim, nije pokazivao nikakvo posebno interesovanje, a po\u0161to da je izrazito lo\u0161e pevao, \u010desto je imao prilike da \u010duje kako bi &#8222;u \u017eivotu verovatno mogao da se bavi svime &#8211; osim muzikom&#8220;. I to ga zapravo uop\u0161te nije zabrinjavalo&#8230;<\/p>\n<p>A onda, samo nekoliko nedelja pre njegovog petnaestog ro\u0111endana, desilo se ne\u0161to \u0161to \u0107e mu kompletno promeniti \u017eivot. Od jednog porodi\u010dnog prijatelja, dobio je CASIO kalkulator, koji je me\u0111u tipkama numeri\u010dke tastature sakrivao pravu malu &#8222;klavijaturu&#8220; od jedne i po oktave. Dugmence za broj nula bilo je istovremeno i nota <em>Do<\/em>, jedinica je cijukala u visini tona note <em>Re<\/em>&#8230; Deca koju je poznavao, obi\u010dno su sama birala svoj instrument, i dvoumila se izmedju klavira, violine ili bas gitare, dok je Aleksandar bio izabran od strane instrumenta, ma kako \u010dudnog i naizgled sme\u0161nog. Ve\u0107 posle petnaest minuta imao je &#8222;repertoar&#8220; od nekih dvadeset melodija. Nedeljama se nije odvajao od spravice koja mu je gotovo stajala u dlan, a kada je do\u0161ao ro\u0111endan, roditelji su ga iznenadili i u ku\u0107u uneli jedan &#8222;veliki digitron&#8220; sa 88 dirki. Istog dana nau\u010dio je note i ubrzo shvatio da je u stanju da s&#8217;lista odsvira sve \u0161to bi se na\u0161lo na klavirskom pultu. Ve\u0107 godinu dana kasnije svirao je pozne opuse Betovenovih sonata i kako sam ka\u017ee &#8222;&#8230;gutao partiture i sve mogu\u0107e knjige koje su se bavile klasi\u010dnom muzikom, od romansiranih biografija velikih kompozitora do onih koje su upu\u0107ivale u tajne kontrapunkta, harmonije i muzi\u010dkih oblika&#8220;.<\/p>\n<p>Ipak, kada je poku\u0161ao de se sa \u0161esnaest godina upi\u0161e u muzi\u010dku \u0161kolu, rekli su mu da je prestar i Aleksandar je nastavio svoje muzi\u010dko putovanje sam i na svoj na\u010din&#8230;<\/p>\n<p>Tek pet godina kasnije, zavr\u0161avaju\u0107i tre\u0107u godinu studija medicine, na nagovor prijatelja i uz opkladu odlu\u010duje da pola\u017ee diferencijalne i prijemne ispite na Fakultetu muzi\u010dke umetnosti u Beogradu. Dobija po sto poena na svakom od diferencijalnih i prijemnih ispita i zavr\u0161ava kao prvi na svim listama. Tako je\u00a0 i zvani\u010dno, dobio potvrdu &#8222;establi\u0161menta&#8220; da njegove muzi\u010dke aspiracije nisu isklju\u010divo plod njegove nekriti\u010dne de\u010da\u010dke ma\u0161te. Po\u010deo je profesionalno i bez ikakve dalje zadr\u0161ke da se bavi pisanjem, izvo\u0111enjem i produkcijom sopstvene muzike, ulivaju\u0107i u svaku kompoziciju deo svoje nekonvencionalne li\u010dnosti, svojih uvek druga\u010dijih ideja i pre svega ogromne ljubavi prema umetnosti i samom \u017eivotu.<\/p>\n<p>U okviru <em>Muzi\u010dke galerije<\/em> na stranicama ovog sajta nalaze se detaljni prikazi pojedina\u010dnih muzi\u010dkih pri\u010da u formi razli\u010ditih kompozicija. U smislu kra\u0107e biografske reference izdvojili smo neka od Simi\u0107evih zapa\u017eenijih dela:<\/p>\n<ul>\n<li><strong><em>Pod istim krovom<\/em><\/strong> <strong><em>(Under One Roof)<\/em><\/strong> &#8211; muzi\u010dko putovanje oko sveta za simfonijski orkestar. Porud\u017ebina Ujedinjenih Nacija, povodom 66 godina postojanja Organizacije, posve\u0107ena ciljevima i misiji Alijanse Civilizacija UN.<\/li>\n<li><strong><em>Zodijak &#8211; 12 karakternih komada za klavir i orklestar<\/em><\/strong> &#8211; logisti\u010dki i finansijski podr\u017ean od strane svemirske agencije NASA i ameri\u010dkog Stejt Dipartmenta i multimedijski oplemenjen video instalacijama nastalim od materijala sakupljenih u okviru misije Vojad\u017eer, kao i posredstvom Hablovog svemirskog teleskopa.<\/li>\n<li><strong><em>Missa Solemnior<\/em><\/strong> &#8211; posve\u0107ena \u017ertvama \u0161izme, u povodu 950 godina raskola izme\u0111u Isto\u010dne i Zapadne crkve (porud\u017ebina Vatikana)<\/li>\n<li><strong><em>Portret mar\u0161ala \u017dukova<\/em><\/strong> &#8211; poru\u010den od strane Ruske federacije za proslavu 50 godina pobede nad fa\u0161izmom<\/li>\n<li><strong><em>Kaddish<\/em><\/strong> &#8211; Za ceremoniju dodele medalja <em>Pravednici me\u0111u narodima<\/em> kojima Izraelska dr\u017eava i Memorijal holokausta Jad Va\u0161em odaju priznanje ljudima koji su spa\u0161avali \u017eivote Jevreja u drugom svetskom ratu<\/li>\n<li><strong><em>Remember<\/em><\/strong> &#8211; u spomen \u017ertvama 11. septembra (tekst povodom 4. godi\u0161njice napada na World Trade Center \u010ditala dr\u017eavna sekretarka Kondeliza Rajs)<\/li>\n<li><strong><em>Kratima<\/em><\/strong> &#8211; uspavanka za malog Isusa, kojom je u preko petnaest zemalja, od Moskve, preko Rima do Londona, zvani\u010dno obele\u017eeno 2000 godina hri\u0161\u0107anstva<\/li>\n<li><strong><em>Crucified<\/em><\/strong> &#8211; himna distrofi\u010dara sveta (porud\u017ebina fondacije Telethon)<\/li>\n<li><strong><em>Mala Bo\u017eija slu\u017eba<\/em><\/strong> &#8211; povodom 25 godina pontifikata pape Jovana Pavla II<\/li>\n<li><strong><em>Faust<\/em><\/strong> &#8211; opera za solo violon\u010delo, povodom 250 godina od ro\u0111enja Getea<\/li>\n<li><strong><em>Jesenjin<\/em><\/strong> &#8211; ciklus pesama za glas i klavir, povodom 100 godina ro\u0111enja i 70 godina od smrti pesnika, u saradnji sa slikarkom Oljom Ivanjicki<\/li>\n<li><strong><em>Grad u kome je stalo vreme<\/em><\/strong> &#8211; simfonijska poema inspirisana Simi\u0107evim omiljenim piscem, Bohumilom Hrabalom<\/li>\n<li><strong><em>Srce Univerzuma<\/em><\/strong> &#8211; Zvani\u010dna himna 25. Univerzijade, Beograd 2009.<\/li>\n<\/ul>\n<p>Simi\u0107eva muzika kori\u0161\u0107ena je i da bi se obele\u017eili mnogi zna\u010dajni doga\u0111aji, poput zasedanja razli\u010ditih saziva Generalne Skup\u0161tine UN, tristagodi\u0161njice grada Petrograda, dva veka srpske dr\u017eavnosti, sto\u0161ezdesetog ro\u0111endana Nikole Tesle, \u010detrdesete godi\u0161njice Fulbrajt Fondacije, Evropskog dana jevrejske kulturne ba\u0161tine, Vaseljenskog sabora pravoslavne ekumene ili Dana Planete Zemlje.<\/p>\n<p>Napisao je i muziku za oko 20 pozori\u0161nih predstava, a svoju prvu filmsku muziku pisao je za &#8222;Optimiste&#8220; reditelja Gorana Paskaljevi\u0107a.<\/p>\n<p>2005. godine osnovao je autorski ansambl <em>Aleksandar Simi\u0107 i Serafimi<\/em>. Njihovi \u0161ou programi bili su tokom 2006. repertoarski postavljeni na velikoj sceni Narodnog pozori\u0161ta u Beogradu, da bi u godinama koje su sledile Simi\u0107, u saradnji sa lokalnim muzi\u010darima, pravio sve\u017ee postavke ovog ansambla, na mestima kao \u0161to su Njujork, London, Petrograd, Lisabon, Torino, Hamurg ili Delhi. Sa Serafimima je odra\u017eao na stotine koncerata i izdao dva kompakt diska i dva DVD-ja sa spotovima koji su preko hiljadu puta emitovani na raznim TV stanicama. U funkciji &#8222;kompozitora u rezidenciji&#8220;, sara\u0111ivao je i sa nekoliko simfonijskih orkestara<\/p>\n<p>2005. godine, osnovao je i &#8222;Udru\u017eenje za unapre\u0111enje i popularizaciju klasi\u010dne muzike&#8220;, \u010diji je i danas predsednik.<\/p>\n<p>Pored muzike, va\u017ean deo Simi\u0107evog \u017eivota \u010dine i njegov dru\u0161tveni i humanitarni anga\u017eman.<\/p>\n<p>Ve\u0107 godinama je portparol i aktivista humanitarnog fonda <a href=\"http:\/\/www.mfsvetlost.rs\">Svetlost<\/a>, koji je u Srbiji poveo kampanje poput Sigurne \u017eenske ku\u0107e ili Nacionalne kampanje za pomo\u0107 slepima Srbije. U decembru 2009. godine, pokrenuo i je i projekat <a href=\"http:\/\/www.noteizsrca.com\">Note iz Srca<\/a>, kao kampanju za besplatne kulturne sadr\u017eaje posve\u0107ene starima, siroma\u0161nima i hendikepiranima. Njegov rad sa mladima prote\u017ee se u velikom luku od pomo\u0107i deci koja pate od karcinoma, autizma, daunovog sindroma ili slepila, preko rada sa dru\u0161tveno ugro\u017eenim kategorijama, do stotina susreta sa studentima i aktivistima na univerzitetima, radionicama i forumima.<\/p>\n<p>Veoma je zna\u010dajan i njegov doprinos me\u0111ureligijskom dijalogu na internacionalnom nivou i kroz veliki niz inicijativa tokom vi\u0161e od dvadesetpet godina. Pokreta\u010d je <em>Inicijative za me\u0111ureligijsku solidarnost, saradnju i odgovornost<\/em>, koja okuplja verske lidere regiona, kao i \u010dlan predsedni\u0161tva fondacije <a href=\"http:\/\/www.ptwf.org\">Pave the Way<\/a> iz Njujorka i organizacije <a href=\"http:\/\/www.ewb.rs\">East-West Bridge<\/a> (srpskog ogranka Trilateralne Komisije) sa sedi\u0161tem u Beogradu.<\/p>\n<p>Od 2007. godine sara\u0111uje sa Centrom Simon Vizental i kancelarijom Tu\u017eila\u0161tva za ratne zlo\u010dine u Republici Srbiji u okviru operacije <a href=\"http:\/\/www.operationlastchance.org\">Poslednja \u0161ansa<\/a> koja treba da obezbedi uslove da pred lice pravde iza\u0111u poslednji preostali ratni zlo\u010dinci iz drugog svetskog rata.<\/p>\n<p>Simi\u0107ev rad na ostvarenju ciljeva Ujedninjenih Nacija, ogleda se kroz, sada jo\u0161 malo pa jednodecenijsku saradnju sa ovom organizacijom i njenim institucijama, poput Generalnog Sekretarijata, Generalne Skup\u0161tine, razli\u010ditih agencija, kao sto su UNESCO, UNICEF, WHO, Rio+20 ili Alijansa Civilizacija, u domenu kulture, humanitarnog rada, ljudskih prava, me\u0111ureligijskog dijaloga, za\u0161tite prirodne sredine i mirovnog aktivizma.[\/vc_column_text][vc_empty_space height=&#8220;52px&#8220;][\/vc_column][\/vc_row]\n","protected":false},"excerpt":{"rendered":"<p>[vc_row ct_row_stretch=&#8220;&#8220; css=&#8220;.vc_custom_1551791094937{margin-top: 95px !important;}&#8220;][vc_column][vc_column_text]Aleksandar Simi\u0107 je ro\u0111en 22. januara 1973. godine u Beogradu. Ve\u0107i deo mladosti proveo je na razli\u010ditim adresama od Singapura do isto\u010dne obale Sjedinjenih dr\u017eava. Kako su se menjale adrese na kojima je \u017eiveo, tako su se menjale i sfere njegovog interesovanja \u2013 od slikarstva do biologije, od knji\u017eevnosti do fizike. &#8230;<\/p>\n","protected":false},"author":1,"featured_media":0,"parent":0,"menu_order":0,"comment_status":"closed","ping_status":"closed","template":"","meta":{"footnotes":""},"class_list":["post-435","page","type-page","status-publish","hentry"],"acf":[],"yoast_head":"<!-- This site is optimized with the Yoast SEO plugin v20.9 - https:\/\/yoast.com\/wordpress\/plugins\/seo\/ -->\n<title>CV du\u017ei - Aleksandar Simi\u0107<\/title>\n<meta name=\"robots\" content=\"index, follow, max-snippet:-1, max-image-preview:large, max-video-preview:-1\" \/>\n<link rel=\"canonical\" href=\"https:\/\/aleksandarsimic.com\/sr\/cv-duzi\/\" \/>\n<meta property=\"og:locale\" content=\"sr_RS\" \/>\n<meta property=\"og:type\" content=\"article\" \/>\n<meta property=\"og:title\" content=\"CV du\u017ei - Aleksandar Simi\u0107\" \/>\n<meta property=\"og:description\" content=\"[vc_row ct_row_stretch=&#8220;&#8220; css=&#8220;.vc_custom_1551791094937{margin-top: 95px !important;}&#8220;][vc_column][vc_column_text]Aleksandar Simi\u0107 je ro\u0111en 22. januara 1973. godine u Beogradu. Ve\u0107i deo mladosti proveo je na razli\u010ditim adresama od Singapura do isto\u010dne obale Sjedinjenih dr\u017eava. Kako su se menjale adrese na kojima je \u017eiveo, tako su se menjale i sfere njegovog interesovanja \u2013 od slikarstva do biologije, od knji\u017eevnosti do fizike. ...\" \/>\n<meta property=\"og:url\" content=\"https:\/\/aleksandarsimic.com\/sr\/cv-duzi\/\" \/>\n<meta property=\"og:site_name\" content=\"Aleksandar Simi\u0107\" \/>\n<meta property=\"article:modified_time\" content=\"2019-03-05T13:08:42+00:00\" \/>\n<meta property=\"og:image\" content=\"http:\/\/aleksandarsimic.com\/wp-content\/uploads\/2018\/10\/02-237x300.jpg\" \/>\n<meta name=\"twitter:card\" content=\"summary_large_image\" \/>\n<meta name=\"twitter:label1\" content=\"\u041f\u0440\u043e\u0446\u0435\u045a\u0435\u043d\u043e \u0432\u0440\u0435\u043c\u0435 \u0447\u0438\u0442\u0430\u045a\u0430\" \/>\n\t<meta name=\"twitter:data1\" content=\"7 \u043c\u0438\u043d\u0443\u0442\u0430\" \/>\n<script type=\"application\/ld+json\" class=\"yoast-schema-graph\">{\"@context\":\"https:\/\/schema.org\",\"@graph\":[{\"@type\":\"WebPage\",\"@id\":\"https:\/\/aleksandarsimic.com\/sr\/cv-duzi\/\",\"url\":\"https:\/\/aleksandarsimic.com\/sr\/cv-duzi\/\",\"name\":\"CV du\u017ei - Aleksandar Simi\u0107\",\"isPartOf\":{\"@id\":\"https:\/\/aleksandarsimic.com\/#website\"},\"datePublished\":\"2018-09-16T23:38:33+00:00\",\"dateModified\":\"2019-03-05T13:08:42+00:00\",\"breadcrumb\":{\"@id\":\"https:\/\/aleksandarsimic.com\/sr\/cv-duzi\/#breadcrumb\"},\"inLanguage\":\"sr-RS\",\"potentialAction\":[{\"@type\":\"ReadAction\",\"target\":[\"https:\/\/aleksandarsimic.com\/sr\/cv-duzi\/\"]}]},{\"@type\":\"BreadcrumbList\",\"@id\":\"https:\/\/aleksandarsimic.com\/sr\/cv-duzi\/#breadcrumb\",\"itemListElement\":[{\"@type\":\"ListItem\",\"position\":1,\"name\":\"Home\",\"item\":\"https:\/\/aleksandarsimic.com\/sr\/\"},{\"@type\":\"ListItem\",\"position\":2,\"name\":\"CV du\u017ei\"}]},{\"@type\":\"WebSite\",\"@id\":\"https:\/\/aleksandarsimic.com\/#website\",\"url\":\"https:\/\/aleksandarsimic.com\/\",\"name\":\"Aleksandar Simi\u0107\",\"description\":\"\",\"potentialAction\":[{\"@type\":\"SearchAction\",\"target\":{\"@type\":\"EntryPoint\",\"urlTemplate\":\"https:\/\/aleksandarsimic.com\/?s={search_term_string}\"},\"query-input\":\"required name=search_term_string\"}],\"inLanguage\":\"sr-RS\"}]}<\/script>\n<!-- \/ Yoast SEO plugin. -->","yoast_head_json":{"title":"CV du\u017ei - Aleksandar Simi\u0107","robots":{"index":"index","follow":"follow","max-snippet":"max-snippet:-1","max-image-preview":"max-image-preview:large","max-video-preview":"max-video-preview:-1"},"canonical":"https:\/\/aleksandarsimic.com\/sr\/cv-duzi\/","og_locale":"sr_RS","og_type":"article","og_title":"CV du\u017ei - Aleksandar Simi\u0107","og_description":"[vc_row ct_row_stretch=&#8220;&#8220; css=&#8220;.vc_custom_1551791094937{margin-top: 95px !important;}&#8220;][vc_column][vc_column_text]Aleksandar Simi\u0107 je ro\u0111en 22. januara 1973. godine u Beogradu. Ve\u0107i deo mladosti proveo je na razli\u010ditim adresama od Singapura do isto\u010dne obale Sjedinjenih dr\u017eava. Kako su se menjale adrese na kojima je \u017eiveo, tako su se menjale i sfere njegovog interesovanja \u2013 od slikarstva do biologije, od knji\u017eevnosti do fizike. ...","og_url":"https:\/\/aleksandarsimic.com\/sr\/cv-duzi\/","og_site_name":"Aleksandar Simi\u0107","article_modified_time":"2019-03-05T13:08:42+00:00","og_image":[{"url":"http:\/\/aleksandarsimic.com\/wp-content\/uploads\/2018\/10\/02-237x300.jpg"}],"twitter_card":"summary_large_image","twitter_misc":{"\u041f\u0440\u043e\u0446\u0435\u045a\u0435\u043d\u043e \u0432\u0440\u0435\u043c\u0435 \u0447\u0438\u0442\u0430\u045a\u0430":"7 \u043c\u0438\u043d\u0443\u0442\u0430"},"schema":{"@context":"https:\/\/schema.org","@graph":[{"@type":"WebPage","@id":"https:\/\/aleksandarsimic.com\/sr\/cv-duzi\/","url":"https:\/\/aleksandarsimic.com\/sr\/cv-duzi\/","name":"CV du\u017ei - Aleksandar Simi\u0107","isPartOf":{"@id":"https:\/\/aleksandarsimic.com\/#website"},"datePublished":"2018-09-16T23:38:33+00:00","dateModified":"2019-03-05T13:08:42+00:00","breadcrumb":{"@id":"https:\/\/aleksandarsimic.com\/sr\/cv-duzi\/#breadcrumb"},"inLanguage":"sr-RS","potentialAction":[{"@type":"ReadAction","target":["https:\/\/aleksandarsimic.com\/sr\/cv-duzi\/"]}]},{"@type":"BreadcrumbList","@id":"https:\/\/aleksandarsimic.com\/sr\/cv-duzi\/#breadcrumb","itemListElement":[{"@type":"ListItem","position":1,"name":"Home","item":"https:\/\/aleksandarsimic.com\/sr\/"},{"@type":"ListItem","position":2,"name":"CV du\u017ei"}]},{"@type":"WebSite","@id":"https:\/\/aleksandarsimic.com\/#website","url":"https:\/\/aleksandarsimic.com\/","name":"Aleksandar Simi\u0107","description":"","potentialAction":[{"@type":"SearchAction","target":{"@type":"EntryPoint","urlTemplate":"https:\/\/aleksandarsimic.com\/?s={search_term_string}"},"query-input":"required name=search_term_string"}],"inLanguage":"sr-RS"}]}},"_links":{"self":[{"href":"https:\/\/aleksandarsimic.com\/sr\/wp-json\/wp\/v2\/pages\/435","targetHints":{"allow":["GET"]}}],"collection":[{"href":"https:\/\/aleksandarsimic.com\/sr\/wp-json\/wp\/v2\/pages"}],"about":[{"href":"https:\/\/aleksandarsimic.com\/sr\/wp-json\/wp\/v2\/types\/page"}],"author":[{"embeddable":true,"href":"https:\/\/aleksandarsimic.com\/sr\/wp-json\/wp\/v2\/users\/1"}],"replies":[{"embeddable":true,"href":"https:\/\/aleksandarsimic.com\/sr\/wp-json\/wp\/v2\/comments?post=435"}],"version-history":[{"count":8,"href":"https:\/\/aleksandarsimic.com\/sr\/wp-json\/wp\/v2\/pages\/435\/revisions"}],"predecessor-version":[{"id":2201,"href":"https:\/\/aleksandarsimic.com\/sr\/wp-json\/wp\/v2\/pages\/435\/revisions\/2201"}],"wp:attachment":[{"href":"https:\/\/aleksandarsimic.com\/sr\/wp-json\/wp\/v2\/media?parent=435"}],"curies":[{"name":"wp","href":"https:\/\/api.w.org\/{rel}","templated":true}]}}